{"version":"1.0","provider_name":"Kim? Laikmet\u012bg\u0101s m\u0101kslas centrs","provider_url":"https:\/\/kim.lv\/lv","author_name":"Kim?","author_url":"https:\/\/kim.lv\/lv\/author\/kim\/","title":"Kim? vasaras foto skolas izst\u0101de 2010 - Kim? Laikmet\u012bg\u0101s m\u0101kslas centrs","type":"rich","width":600,"height":338,"html":"<blockquote class=\"wp-embedded-content\" data-secret=\"D5wLmPudzz\"><a href=\"https:\/\/kim.lv\/lv\/kim-vasaras-foto-skolas-izstade-2010\/\">Kim? vasaras foto skolas izst\u0101de 2010<\/a><\/blockquote><iframe sandbox=\"allow-scripts\" security=\"restricted\" src=\"https:\/\/kim.lv\/lv\/kim-vasaras-foto-skolas-izstade-2010\/embed\/#?secret=D5wLmPudzz\" width=\"600\" height=\"338\" title=\"&#8220;Kim? vasaras foto skolas izst\u0101de 2010&#8221; &#8212; Kim? Laikmet\u012bg\u0101s m\u0101kslas centrs\" data-secret=\"D5wLmPudzz\" frameborder=\"0\" marginwidth=\"0\" marginheight=\"0\" scrolling=\"no\" class=\"wp-embedded-content\"><\/iframe><script type=\"text\/javascript\">\n\/* <![CDATA[ *\/\n\/*! This file is auto-generated *\/\n!function(d,l){\"use strict\";l.querySelector&&d.addEventListener&&\"undefined\"!=typeof URL&&(d.wp=d.wp||{},d.wp.receiveEmbedMessage||(d.wp.receiveEmbedMessage=function(e){var t=e.data;if((t||t.secret||t.message||t.value)&&!\/[^a-zA-Z0-9]\/.test(t.secret)){for(var s,r,n,a=l.querySelectorAll('iframe[data-secret=\"'+t.secret+'\"]'),o=l.querySelectorAll('blockquote[data-secret=\"'+t.secret+'\"]'),c=new RegExp(\"^https?:$\",\"i\"),i=0;i<o.length;i++)o[i].style.display=\"none\";for(i=0;i<a.length;i++)s=a[i],e.source===s.contentWindow&&(s.removeAttribute(\"style\"),\"height\"===t.message?(1e3<(r=parseInt(t.value,10))?r=1e3:~~r<200&&(r=200),s.height=r):\"link\"===t.message&&(r=new URL(s.getAttribute(\"src\")),n=new URL(t.value),c.test(n.protocol))&&n.host===r.host&&l.activeElement===s&&(d.top.location.href=t.value))}},d.addEventListener(\"message\",d.wp.receiveEmbedMessage,!1),l.addEventListener(\"DOMContentLoaded\",function(){for(var e,t,s=l.querySelectorAll(\"iframe.wp-embedded-content\"),r=0;r<s.length;r++)(t=(e=s[r]).getAttribute(\"data-secret\"))||(t=Math.random().toString(36).substring(2,12),e.src+=\"#?secret=\"+t,e.setAttribute(\"data-secret\",t)),e.contentWindow.postMessage({message:\"ready\",secret:t},\"*\")},!1)))}(window,document);\n\/* ]]> *\/\n<\/script>\n","description":"No 2010. gada 2. l\u012bdz 9. augustam Sp\u012b\u0137eru kvart\u0101l\u0101 norisin\u0101j\u0101s Kim? vasaras foto skola. Vasaras skolas ietvaros 20 vidusskolas vecuma jaunie\u0161i, daudzi no kuriem Sp\u012b\u0137eros ierad\u0101s no da\u017e\u0101diem Latvijas re\u0123ioniem, guva teor\u0113tiskas zin\u0101\u0161anas un praktiskas iema\u0146as fotogr\u0101fij\u0101. Skolas nosl\u0113guma izst\u0101d\u0113 ir apskat\u0101mi jaunie\u0161u darbi, kuri tapu\u0161i fotogr\u0101fa Raimo Lielbrie\u017ea virsvad\u012bb\u0101 un kuros ir redzama R\u012bga [&hellip;]"}