{"version":"1.0","provider_name":"Kim? Laikmet\u012bg\u0101s m\u0101kslas centrs","provider_url":"https:\/\/kim.lv\/lv","author_name":"Kim?","author_url":"https:\/\/kim.lv\/lv\/author\/kim\/","title":"Semin\u0101rs \u201cFoto \u017eurn\u0101lu sadarb\u012bbas t\u012bkls Baltijas un Zieme\u013cu re\u0123ion\u0101\u201d - Kim? Laikmet\u012bg\u0101s m\u0101kslas centrs","type":"rich","width":600,"height":338,"html":"<blockquote class=\"wp-embedded-content\" data-secret=\"XKXrX6nTu6\"><a href=\"https:\/\/kim.lv\/lv\/seminar-network-photo-magazines-nordic-baltic-region\/\">Semin\u0101rs \u201cFoto \u017eurn\u0101lu sadarb\u012bbas t\u012bkls Baltijas un Zieme\u013cu re\u0123ion\u0101\u201d<\/a><\/blockquote><iframe sandbox=\"allow-scripts\" security=\"restricted\" src=\"https:\/\/kim.lv\/lv\/seminar-network-photo-magazines-nordic-baltic-region\/embed\/#?secret=XKXrX6nTu6\" width=\"600\" height=\"338\" title=\"&#8220;Semin\u0101rs \u201cFoto \u017eurn\u0101lu sadarb\u012bbas t\u012bkls Baltijas un Zieme\u013cu re\u0123ion\u0101\u201d&#8221; &#8212; Kim? Laikmet\u012bg\u0101s m\u0101kslas centrs\" data-secret=\"XKXrX6nTu6\" frameborder=\"0\" marginwidth=\"0\" marginheight=\"0\" scrolling=\"no\" class=\"wp-embedded-content\"><\/iframe><script type=\"text\/javascript\">\n\/* <![CDATA[ *\/\n\/*! This file is auto-generated *\/\n!function(d,l){\"use strict\";l.querySelector&&d.addEventListener&&\"undefined\"!=typeof URL&&(d.wp=d.wp||{},d.wp.receiveEmbedMessage||(d.wp.receiveEmbedMessage=function(e){var t=e.data;if((t||t.secret||t.message||t.value)&&!\/[^a-zA-Z0-9]\/.test(t.secret)){for(var s,r,n,a=l.querySelectorAll('iframe[data-secret=\"'+t.secret+'\"]'),o=l.querySelectorAll('blockquote[data-secret=\"'+t.secret+'\"]'),c=new RegExp(\"^https?:$\",\"i\"),i=0;i<o.length;i++)o[i].style.display=\"none\";for(i=0;i<a.length;i++)s=a[i],e.source===s.contentWindow&&(s.removeAttribute(\"style\"),\"height\"===t.message?(1e3<(r=parseInt(t.value,10))?r=1e3:~~r<200&&(r=200),s.height=r):\"link\"===t.message&&(r=new URL(s.getAttribute(\"src\")),n=new URL(t.value),c.test(n.protocol))&&n.host===r.host&&l.activeElement===s&&(d.top.location.href=t.value))}},d.addEventListener(\"message\",d.wp.receiveEmbedMessage,!1),l.addEventListener(\"DOMContentLoaded\",function(){for(var e,t,s=l.querySelectorAll(\"iframe.wp-embedded-content\"),r=0;r<s.length;r++)(t=(e=s[r]).getAttribute(\"data-secret\"))||(t=Math.random().toString(36).substring(2,12),e.src+=\"#?secret=\"+t,e.setAttribute(\"data-secret\",t)),e.contentWindow.postMessage({message:\"ready\",secret:t},\"*\")},!1)))}(window,document);\n\/* ]]> *\/\n<\/script>\n","description":"2011. gada 8. apr\u012bl\u012b Kim? notika semin\u0101rs \u201cFoto \u017eurn\u0101lu sadarb\u012bbas t\u012bkls Baltijas un Zieme\u013cu re\u0123ion\u0101\u201d. &nbsp; Semin\u0101rs, kur\u0161 pulc\u0113ja Baltijas un Zieme\u013cvalstu foto izdevumu redaktorus un tekstu autorus, tika r\u012bkots ar m\u0113r\u0137i veidot m\u0101kslas fotogr\u0101fijas \u017eurn\u0101lu t\u012bklu, lai veicin\u0101tu sadarb\u012bbu m\u0101kslas fotogr\u0101fijas jom\u0101 starp Baltijas valst\u012bm, Zieme\u013cvalst\u012bm, Baltkrieviju un Krieviju. &nbsp; Pas\u0101kuma ietvaros fotogr\u0101fijas \u017eurn\u0101lu [&hellip;]"}